{"id":220,"date":"2021-02-01T19:49:23","date_gmt":"2021-02-01T18:49:23","guid":{"rendered":"https:\/\/la-relache.com\/?page_id=220"},"modified":"2023-05-25T22:54:33","modified_gmt":"2023-05-25T20:54:33","slug":"a-propos","status":"publish","type":"page","link":"https:\/\/la-relache.com\/index.php\/a-propos\/","title":{"rendered":"\u00e0 propos"},"content":{"rendered":"\n<div style=\"height:100px\" aria-hidden=\"true\" class=\"wp-block-spacer\"><\/div>\n\n\n\n<div class=\"wp-block-columns alignwide are-vertically-aligned-top is-style-default\">\n<div class=\"wp-block-column is-vertically-aligned-top\" style=\"flex-basis:50%\">\n<div class=\"wp-block-image is-style-editorskit-rounded\"><figure class=\"aligncenter size-large\"><img data-attachment-id=\"820\" data-permalink=\"https:\/\/la-relache.com\/?attachment_id=820\" data-orig-file=\"https:\/\/la-relache.com\/wp-content\/uploads\/2022\/06\/IMG_7239-rotated.jpg\" data-orig-size=\"1504,2256\" data-comments-opened=\"0\" data-image-meta=\"{&quot;aperture&quot;:&quot;6.3&quot;,&quot;credit&quot;:&quot;&quot;,&quot;camera&quot;:&quot;Canon EOS 450D&quot;,&quot;caption&quot;:&quot;&quot;,&quot;created_timestamp&quot;:&quot;1660738385&quot;,&quot;copyright&quot;:&quot;&quot;,&quot;focal_length&quot;:&quot;51&quot;,&quot;iso&quot;:&quot;400&quot;,&quot;shutter_speed&quot;:&quot;0.01&quot;,&quot;title&quot;:&quot;&quot;,&quot;orientation&quot;:&quot;1&quot;}\" data-image-title=\"IMG_7239\" data-image-description=\"\" data-medium-file=\"https:\/\/la-relache.com\/wp-content\/uploads\/2022\/06\/IMG_7239-512x768.jpg\" data-large-file=\"https:\/\/la-relache.com\/wp-content\/uploads\/2022\/06\/IMG_7239-683x1024.jpg\" loading=\"lazy\" width=\"683\" height=\"1024\" src=\"https:\/\/la-relache.com\/wp-content\/uploads\/2022\/06\/IMG_7239-683x1024.jpg\" alt=\"\" class=\"wp-image-820\" srcset=\"https:\/\/la-relache.com\/wp-content\/uploads\/2022\/06\/IMG_7239-683x1024.jpg 683w, https:\/\/la-relache.com\/wp-content\/uploads\/2022\/06\/IMG_7239-512x768.jpg 512w, https:\/\/la-relache.com\/wp-content\/uploads\/2022\/06\/IMG_7239-768x1152.jpg 768w, https:\/\/la-relache.com\/wp-content\/uploads\/2022\/06\/IMG_7239-1024x1536.jpg 1024w, https:\/\/la-relache.com\/wp-content\/uploads\/2022\/06\/IMG_7239-1365x2048.jpg 1365w, https:\/\/la-relache.com\/wp-content\/uploads\/2022\/06\/IMG_7239-600x900.jpg 600w, https:\/\/la-relache.com\/wp-content\/uploads\/2022\/06\/IMG_7239-rotated.jpg 1504w\" sizes=\"(max-width: 683px) 100vw, 683px\" \/><\/figure><\/div>\n<\/div>\n\n\n\n<div class=\"wp-block-column is-vertically-aligned-top\" style=\"flex-basis:50%\">\n<p>la rel\u00e2che est un espace \u00e0 soi, une suspension du temps pour se lib\u00e9rer de ce qui nous abime, \u00e9veiller ce qui nous anime<\/p>\n\n\n\n<p>la rel\u00e2che op\u00e8re \u00e0 travers la science du yoga, de la respiration et de la m\u00e9ditation, les constellations syst\u00e9miques et la reliance<\/p>\n\n\n\n<p>la rel\u00e2che ouvre des rendez-vous collectifs et individuels, r\u00e9guliers ou ponctuels, dans des lieux propices<\/p>\n\n\n\n<hr class=\"wp-block-separator aligncenter has-text-color has-background has-yith-proteo-editor-custom-color-1-background-color has-yith-proteo-editor-custom-color-1-color is-style-wide\"\/>\n\n\n\n<p class=\"has-yith-proteo-editor-custom-color-1-color has-text-color\">Initi\u00e9e aux techniques du hatha, raja, kundalini yoga et yoga nidra dans la lign\u00e9e de Swami Satyananda \u2013 Bihar School of Yoga par les fr\u00e8res Gianfermi, c\u2019est aujourd\u2019hui cet enseignement que je transmets. La pleine conscience (selon Thich Nhat Hanh) et le mouvement (Agathe Philb\u00e9) nourrissent \u00e9galement mon approche. Form\u00e9e au yoga pr\u00e9- et post- natal selon Bernadette de Gasquet, j\u2019int\u00e8gre \u00e0 l\u2019occasion cette m\u00e9thode. Form\u00e9e \u00e9galement aux constellations syst\u00e9miques, j\u2019accompagne les personnes \u00e0 prendre conscience de ce qui est, de leur place au sein du monde. Par ailleurs autrice et conseill\u00e8re artistique, la transversale de mes pratiques est une tentative d\u2019ajuster incarnation et connaissance.<\/p>\n\n\n\n<p class=\"has-yith-proteo-editor-custom-color-1-color has-text-color\">m\u00e9lanie jouen<\/p>\n<\/div>\n<\/div>\n\n\n\n<div style=\"height:100px\" aria-hidden=\"true\" class=\"wp-block-spacer\"><\/div>\n\n\n\n<hr class=\"wp-block-separator aligncenter has-text-color has-background has-yith-proteo-editor-custom-color-1-background-color has-yith-proteo-editor-custom-color-1-color is-style-wide\"\/>\n\n\n\n<div style=\"height:100px\" aria-hidden=\"true\" class=\"wp-block-spacer\"><\/div>\n\n\n\n<div class=\"wp-block-columns is-style-default\">\n<div class=\"wp-block-column\" style=\"flex-basis:66.66%\">\n<div class=\"wp-block-image is-style-editorskit-rounded\"><figure class=\"aligncenter size-large\"><img data-attachment-id=\"916\" data-permalink=\"https:\/\/la-relache.com\/index.php\/a-propos\/melanie-40\/\" data-orig-file=\"https:\/\/la-relache.com\/wp-content\/uploads\/2023\/05\/Melanie-40.jpg\" data-orig-size=\"1280,1920\" data-comments-opened=\"0\" data-image-meta=\"{&quot;aperture&quot;:&quot;2.2&quot;,&quot;credit&quot;:&quot;&quot;,&quot;camera&quot;:&quot;Canon EOS 5D Mark IV&quot;,&quot;caption&quot;:&quot;&quot;,&quot;created_timestamp&quot;:&quot;1682619077&quot;,&quot;copyright&quot;:&quot;&quot;,&quot;focal_length&quot;:&quot;50&quot;,&quot;iso&quot;:&quot;800&quot;,&quot;shutter_speed&quot;:&quot;0.0008&quot;,&quot;title&quot;:&quot;&quot;,&quot;orientation&quot;:&quot;1&quot;}\" data-image-title=\"Melanie-40\" data-image-description=\"\" data-medium-file=\"https:\/\/la-relache.com\/wp-content\/uploads\/2023\/05\/Melanie-40-512x768.jpg\" data-large-file=\"https:\/\/la-relache.com\/wp-content\/uploads\/2023\/05\/Melanie-40-683x1024.jpg\" loading=\"lazy\" width=\"683\" height=\"1024\" src=\"https:\/\/la-relache.com\/wp-content\/uploads\/2023\/05\/Melanie-40-683x1024.jpg\" alt=\"\" class=\"wp-image-916\" srcset=\"https:\/\/la-relache.com\/wp-content\/uploads\/2023\/05\/Melanie-40-683x1024.jpg 683w, https:\/\/la-relache.com\/wp-content\/uploads\/2023\/05\/Melanie-40-512x768.jpg 512w, https:\/\/la-relache.com\/wp-content\/uploads\/2023\/05\/Melanie-40-768x1152.jpg 768w, https:\/\/la-relache.com\/wp-content\/uploads\/2023\/05\/Melanie-40-1024x1536.jpg 1024w, https:\/\/la-relache.com\/wp-content\/uploads\/2023\/05\/Melanie-40-600x900.jpg 600w, https:\/\/la-relache.com\/wp-content\/uploads\/2023\/05\/Melanie-40.jpg 1280w\" sizes=\"(max-width: 683px) 100vw, 683px\" \/><\/figure><\/div>\n<\/div>\n\n\n\n<div class=\"wp-block-column\" style=\"flex-basis:33.34%\">\n<h2>yoga<\/h2>\n\n\n\n<p>le hatha yoga est une pratique tonique et douce, permettant \u00e0 chacun de trouver son \u00e9quilibre, guid\u00e9 par le plaisir et le confort. pour d\u00e9velopper \u00e9nergie, puissance et d\u00e9tente.<\/p>\n\n\n\n<p>accessible aux d\u00e9butants, cette pratique place l\u2019exp\u00e9rience du corps et du souffle au premier plan pour guider chacun vers l\u2019\u00e9quilibre global, physique, \u00e9nerg\u00e9tique et psychique<\/p>\n\n\n\n<p>la s\u00e9ance associe au hatha yoga, travail de postures (asanas) et de souffle (pranayama), des techniques de concentration et de visualisation issues du kundalini yoga, des m\u00e9ditations tantriques et du yoga nidra<\/p>\n\n\n\n<p>chaque s\u00e9ance est unique et m\u00e8ne \u00e0 la d\u00e9couverte de ses (d\u00e9)blocages en tous corps<\/p>\n<\/div>\n<\/div>\n\n\n\n<div class=\"wp-block-columns\">\n<div class=\"wp-block-column\" style=\"flex-basis:25%\">\n<h3>s\u00e9ance hebdomadaire<\/h3>\n\n\n\n<hr class=\"wp-block-separator has-text-color has-background has-yith-proteo-editor-custom-color-1-background-color has-yith-proteo-editor-custom-color-1-color is-style-wide\"\/>\n\n\n\n<p>dur\u00e9e <br>1h30 en salle<br>centre nicolas appert<br>12 bis quai langlois 44610 indre<br><strong>premi\u00e8re s\u00e9ance offerte<\/strong><\/p>\n<\/div>\n\n\n\n<div class=\"wp-block-column\" style=\"flex-basis:25%\">\n<h3>en salle<\/h3>\n\n\n\n<hr class=\"wp-block-separator has-text-color has-background has-yith-proteo-editor-custom-color-1-background-color has-yith-proteo-editor-custom-color-1-color is-style-wide\"\/>\n\n\n\n<p>\u00e0 la carte<br><strong>12\u20ac<\/strong><\/p>\n\n\n\n<p>abonn\u00e9 10 s\u00e9ances<br><strong>10\u20ac<\/strong> \/ s\u00e9ance soit <strong>100\u20ac<\/strong> <\/p>\n<\/div>\n\n\n\n<div class=\"wp-block-column\" style=\"flex-basis:25%\">\n<h3>en ligne<\/h3>\n\n\n\n<hr class=\"wp-block-separator has-text-color has-background has-yith-proteo-editor-custom-color-1-background-color has-yith-proteo-editor-custom-color-1-color is-style-wide\"\/>\n\n\n\n<p>en direct ou en replay<br><strong><strong>10\u20ac<\/strong><\/strong><\/p>\n\n\n\n<p>abonn\u00e9 5 s\u00e9ances<br><strong>9\u20ac<\/strong> \/ s\u00e9ance soit <strong>45\u20ac<\/strong> <\/p>\n<\/div>\n\n\n\n<div class=\"wp-block-column\" style=\"flex-basis:25%\">\n<h3>cycle hebdomadaire<\/h3>\n\n\n\n<hr class=\"wp-block-separator has-text-color has-background has-yith-proteo-editor-custom-color-1-background-color has-yith-proteo-editor-custom-color-1-color is-style-wide\"\/>\n\n\n\n<p>5 capsules de 20 min en replay<br><strong>tarif unique 25\u20ac<\/strong><\/p>\n<\/div>\n<\/div>\n\n\n\n<div class=\"wp-block-columns\">\n<div class=\"wp-block-column\" style=\"flex-basis:25%\">\n<h3>s\u00e9ance p\u00e9rinatale <br>sur demande<\/h3>\n\n\n\n<hr class=\"wp-block-separator has-text-color has-background has-yith-proteo-editor-custom-color-1-background-color has-yith-proteo-editor-custom-color-1-color is-style-wide\"\/>\n\n\n\n<p>\u00e0 domicile ou en ligne dur\u00e9e 1h<br><strong>tarif 40\u20ac<\/strong><\/p>\n<\/div>\n\n\n\n<div class=\"wp-block-column\" style=\"flex-basis:25%\">\n<h3>s\u00e9ance individuelle <br>sur demande<\/h3>\n\n\n\n<hr class=\"wp-block-separator has-text-color has-background has-yith-proteo-editor-custom-color-1-background-color has-yith-proteo-editor-custom-color-1-color is-style-wide\"\/>\n\n\n\n<p>\u00e0 domicile ou en ligne dur\u00e9e 1h<br><strong>tarif 60\u20ac<\/strong><\/p>\n<\/div>\n\n\n\n<div class=\"wp-block-column\" style=\"flex-basis:25%\">\n<h3>tutoriels gratuits<\/h3>\n\n\n\n<hr class=\"wp-block-separator has-text-color has-background has-yith-proteo-editor-custom-color-1-background-color has-yith-proteo-editor-custom-color-1-color is-style-wide\"\/>\n\n\n\n<p>bient\u00f4t en ligne<\/p>\n<\/div>\n\n\n\n<div class=\"wp-block-column\" style=\"flex-basis:25%\">\n<div style=\"height:125px\" aria-hidden=\"true\" class=\"wp-block-spacer\"><\/div>\n\n\n\n<div class=\"wp-block-buttons\">\n<div class=\"wp-block-button is-style-fill\"><a class=\"wp-block-button__link has-yith-proteo-editor-custom-color-1-background-color has-background\">prochaines s\u00e9ances<\/a><\/div>\n<\/div>\n<\/div>\n<\/div>\n\n\n\n<div style=\"height:150px\" aria-hidden=\"true\" class=\"wp-block-spacer\"><\/div>\n\n\n\n<div class=\"wp-block-columns\">\n<div class=\"wp-block-column\" style=\"flex-basis:33.33%\">\n<h2>supervision<\/h2>\n\n\n\n<p>j\u2019accompagne les personnes qui souhaitent s\u2019engager dans une pratique quotidienne en \u00e9laborant un programme sur-mesure selon leur contexte, leur \u00e9tat, leur \u00e9volution.<\/p>\n\n\n\n<p>quelques questions au pr\u00e9alable me permettent d\u2019\u00e9tablir une premi\u00e8re proposition qui s\u2019adaptera au fur et \u00e0 mesure de l\u2019exp\u00e9rience<\/p>\n\n\n\n<p>d\u2019un rdv \u00e0 l\u2019autre, nous faisons un point sur la pratique et y apportons les corrections ainsi que les modulations n\u00e9cessaires<\/p>\n<\/div>\n\n\n\n<div class=\"wp-block-column\" style=\"flex-basis:66.66%\">\n<div class=\"wp-block-image\"><figure class=\"aligncenter size-large is-resized\"><img data-attachment-id=\"310\" data-permalink=\"https:\/\/la-relache.com\/reiki-illustration\/\" data-orig-file=\"https:\/\/la-relache.com\/wp-content\/uploads\/2021\/06\/Reiki-illustration.jpg\" data-orig-size=\"1024,1024\" data-comments-opened=\"0\" data-image-meta=\"{&quot;aperture&quot;:&quot;0&quot;,&quot;credit&quot;:&quot;&quot;,&quot;camera&quot;:&quot;&quot;,&quot;caption&quot;:&quot;&quot;,&quot;created_timestamp&quot;:&quot;0&quot;,&quot;copyright&quot;:&quot;&quot;,&quot;focal_length&quot;:&quot;0&quot;,&quot;iso&quot;:&quot;0&quot;,&quot;shutter_speed&quot;:&quot;0&quot;,&quot;title&quot;:&quot;&quot;,&quot;orientation&quot;:&quot;0&quot;}\" data-image-title=\"Reiki-illustration\" data-image-description=\"\" data-medium-file=\"https:\/\/la-relache.com\/wp-content\/uploads\/2021\/06\/Reiki-illustration-768x768.jpg\" data-large-file=\"https:\/\/la-relache.com\/wp-content\/uploads\/2021\/06\/Reiki-illustration-1024x1024.jpg\" loading=\"lazy\" src=\"https:\/\/la-relache.com\/wp-content\/uploads\/2021\/06\/Reiki-illustration-1024x1024.jpg\" alt=\"\" class=\"wp-image-310\" width=\"440\" height=\"440\" srcset=\"https:\/\/la-relache.com\/wp-content\/uploads\/2021\/06\/Reiki-illustration.jpg 1024w, https:\/\/la-relache.com\/wp-content\/uploads\/2021\/06\/Reiki-illustration-768x768.jpg 768w, https:\/\/la-relache.com\/wp-content\/uploads\/2021\/06\/Reiki-illustration-300x300.jpg 300w, https:\/\/la-relache.com\/wp-content\/uploads\/2021\/06\/Reiki-illustration-600x600.jpg 600w, https:\/\/la-relache.com\/wp-content\/uploads\/2021\/06\/Reiki-illustration-150x150.jpg 150w\" sizes=\"(max-width: 440px) 100vw, 440px\" \/><\/figure><\/div>\n<\/div>\n<\/div>\n\n\n\n<div class=\"wp-block-columns are-vertically-aligned-center\">\n<div class=\"wp-block-column is-vertically-aligned-center\">\n<p class=\"has-yith-proteo-editor-custom-color-1-color has-text-color\"><strong>rendez-vous d&rsquo;1h en direct<br><\/strong>toutes les 3 semaines selon les emplois du temps<\/p>\n<\/div>\n\n\n\n<div class=\"wp-block-column is-vertically-aligned-center\">\n<p class=\"has-text-align-center\"><strong>tarif 60\u20ac\/s\u00e9ance<br><\/strong>5 s\u00e9ances minimum<\/p>\n<\/div>\n\n\n\n<div class=\"wp-block-column is-vertically-aligned-center\">\n<div class=\"wp-block-buttons aligncenter\">\n<div class=\"wp-block-button\"><a class=\"wp-block-button__link has-yith-proteo-editor-custom-color-1-background-color has-background\">prendre rendez-vous<\/a><\/div>\n<\/div>\n<\/div>\n<\/div>\n\n\n\n<div style=\"height:150px\" aria-hidden=\"true\" class=\"wp-block-spacer\"><\/div>\n\n\n\n<div class=\"wp-block-columns\">\n<div class=\"wp-block-column\" style=\"flex-basis:66.66%\">\n<div class=\"wp-block-image\"><figure class=\"aligncenter size-large is-resized\"><img data-attachment-id=\"790\" data-permalink=\"https:\/\/la-relache.com\/index.php\/yogaseance\/illustration_web\/\" data-orig-file=\"https:\/\/la-relache.com\/wp-content\/uploads\/2022\/07\/Illustration_web.jpg\" data-orig-size=\"1000,1174\" data-comments-opened=\"0\" data-image-meta=\"{&quot;aperture&quot;:&quot;0&quot;,&quot;credit&quot;:&quot;&quot;,&quot;camera&quot;:&quot;&quot;,&quot;caption&quot;:&quot;&quot;,&quot;created_timestamp&quot;:&quot;0&quot;,&quot;copyright&quot;:&quot;&quot;,&quot;focal_length&quot;:&quot;0&quot;,&quot;iso&quot;:&quot;0&quot;,&quot;shutter_speed&quot;:&quot;0&quot;,&quot;title&quot;:&quot;&quot;,&quot;orientation&quot;:&quot;0&quot;}\" data-image-title=\"Illustration_web\" data-image-description=\"\" data-medium-file=\"https:\/\/la-relache.com\/wp-content\/uploads\/2022\/07\/Illustration_web-654x768.jpg\" data-large-file=\"https:\/\/la-relache.com\/wp-content\/uploads\/2022\/07\/Illustration_web-872x1024.jpg\" loading=\"lazy\" src=\"https:\/\/la-relache.com\/wp-content\/uploads\/2022\/07\/Illustration_web-872x1024.jpg\" alt=\"\" class=\"wp-image-790\" width=\"436\" height=\"512\" srcset=\"https:\/\/la-relache.com\/wp-content\/uploads\/2022\/07\/Illustration_web-872x1024.jpg 872w, https:\/\/la-relache.com\/wp-content\/uploads\/2022\/07\/Illustration_web-654x768.jpg 654w, https:\/\/la-relache.com\/wp-content\/uploads\/2022\/07\/Illustration_web-768x902.jpg 768w, https:\/\/la-relache.com\/wp-content\/uploads\/2022\/07\/Illustration_web-600x704.jpg 600w, https:\/\/la-relache.com\/wp-content\/uploads\/2022\/07\/Illustration_web.jpg 1000w\" sizes=\"(max-width: 436px) 100vw, 436px\" \/><\/figure><\/div>\n<\/div>\n\n\n\n<div class=\"wp-block-column\" style=\"flex-basis:33.33%\">\n<h2>constellation syst\u00e9mique<\/h2>\n\n\n\n<p>form\u00e9e aux constellations syst\u00e9miques et familiales en 2021.22 aupr\u00e8s de Catherine Hudovernik en Belgique, je propose \u00e0 compter de l&rsquo;automne 2022 des s\u00e9ances individuelles en visio ou en pr\u00e9sence sur demande ; et des rendez-vous collectifs ponctuels.<\/p>\n\n\n\n<p>les constellations syst\u00e9miques et familiales interrogent la juste place, la relation et l&rsquo;intrication d&rsquo;une personne avec les \u00eatres, les \u00e9l\u00e9ments ou les aspects du syst\u00e8me au sein duquel elle s&rsquo;inscrit. les constellations donnent \u00e0 voir et ressentir les rapports et les subjectivit\u00e9s. en travaillant sur la hi\u00e9rarchie, l&rsquo;appartenance et l&rsquo;\u00e9quilibre entre donner et recevoir, les constellations permettent \u00e0 chacune, chacun, d&rsquo;ajuster sa place, ici et maintenant.<\/p>\n\n\n\n<p>par le mouvement, la parole et le souffle, par la reconnaissance et le soin, les constellations insufflent une nouvelle dynamique pour \u00eatre, tout simplement, vivant. <\/p>\n\n\n\n<p>un premier rendez-vous s&rsquo;effectue autour d&rsquo;un g\u00e9nogramme et d&rsquo;une constellation. les seconds se centrent sur la constellation. les constellations en groupe sont accessibles aux personnes rencontr\u00e9es lors des constellations individuelles.<\/p>\n<\/div>\n<\/div>\n\n\n\n<div class=\"wp-block-columns are-vertically-aligned-center\">\n<div class=\"wp-block-column is-vertically-aligned-center\">\n<p class=\"has-yith-proteo-editor-custom-color-1-color has-text-color\"><strong>dur\u00e9e 1h (constellation) \/ 2h (g\u00e9nogramme + constellation) <\/strong><\/p>\n<\/div>\n\n\n\n<div class=\"wp-block-column is-vertically-aligned-center\">\n<p class=\"has-text-align-center\"><strong>tarif 70\u20ac \/ heure<\/strong><\/p>\n<\/div>\n\n\n\n<div class=\"wp-block-column is-vertically-aligned-center\">\n<div class=\"wp-block-buttons aligncenter\">\n<div class=\"wp-block-button\"><a class=\"wp-block-button__link has-yith-proteo-editor-custom-color-1-background-color has-background\">prendre rendez-vous<\/a><\/div>\n<\/div>\n<\/div>\n<\/div>\n\n\n\n<div style=\"height:150px\" aria-hidden=\"true\" class=\"wp-block-spacer\"><\/div>\n\n\n\n<hr class=\"wp-block-separator aligncenter has-text-color has-background has-yith-proteo-editor-custom-color-1-background-color has-yith-proteo-editor-custom-color-1-color is-style-wide\"\/>\n\n\n\n<div style=\"height:150px\" aria-hidden=\"true\" class=\"wp-block-spacer\"><\/div>\n\n\n\n<div class=\"wp-block-columns are-vertically-aligned-center\">\n<div class=\"wp-block-column is-vertically-aligned-center\" style=\"flex-basis:70%\">\n<figure class=\"wp-block-image size-large is-resized\"><img data-attachment-id=\"313\" data-permalink=\"https:\/\/la-relache.com\/web-logo_3\/\" data-orig-file=\"https:\/\/la-relache.com\/wp-content\/uploads\/2021\/06\/web-Logo_3.png\" data-orig-size=\"1024,1024\" data-comments-opened=\"0\" data-image-meta=\"{&quot;aperture&quot;:&quot;0&quot;,&quot;credit&quot;:&quot;&quot;,&quot;camera&quot;:&quot;&quot;,&quot;caption&quot;:&quot;&quot;,&quot;created_timestamp&quot;:&quot;0&quot;,&quot;copyright&quot;:&quot;&quot;,&quot;focal_length&quot;:&quot;0&quot;,&quot;iso&quot;:&quot;0&quot;,&quot;shutter_speed&quot;:&quot;0&quot;,&quot;title&quot;:&quot;&quot;,&quot;orientation&quot;:&quot;0&quot;}\" data-image-title=\"web-Logo_3\" data-image-description=\"\" data-medium-file=\"https:\/\/la-relache.com\/wp-content\/uploads\/2021\/06\/web-Logo_3-768x768.png\" data-large-file=\"https:\/\/la-relache.com\/wp-content\/uploads\/2021\/06\/web-Logo_3-1024x1024.png\" loading=\"lazy\" src=\"https:\/\/la-relache.com\/wp-content\/uploads\/2021\/06\/web-Logo_3-1024x1024.png\" alt=\"\" class=\"wp-image-313\" width=\"298\" height=\"298\" srcset=\"https:\/\/la-relache.com\/wp-content\/uploads\/2021\/06\/web-Logo_3.png 1024w, https:\/\/la-relache.com\/wp-content\/uploads\/2021\/06\/web-Logo_3-768x768.png 768w, https:\/\/la-relache.com\/wp-content\/uploads\/2021\/06\/web-Logo_3-300x300.png 300w, https:\/\/la-relache.com\/wp-content\/uploads\/2021\/06\/web-Logo_3-600x600.png 600w, https:\/\/la-relache.com\/wp-content\/uploads\/2021\/06\/web-Logo_3-150x150.png 150w\" sizes=\"(max-width: 298px) 100vw, 298px\" \/><\/figure>\n\n\n\n<p><\/p>\n<\/div>\n\n\n\n<div class=\"wp-block-column is-vertically-aligned-center\" style=\"flex-basis:50%\">\n<p class=\"has-text-color\" style=\"color:#767676\"><strong>la rel\u00e2che est une association loi 1901 \u00e0 but non lucratif<\/strong>&nbsp;dont l\u2019objet est la transmission d\u2019un savoir et d\u2019une pratique li\u00e9s \u00e0 la connaissance de soi \u00e0 travers l\u2019enseignement du yoga et toute autre technique physique, psychique, \u00e9nerg\u00e9tique associ\u00e9es.<\/p>\n\n\n\n<div class=\"wp-block-buttons\">\n<div class=\"wp-block-button is-style-fill\"><a class=\"wp-block-button__link has-yith-proteo-editor-custom-color-1-background-color has-background\">adh\u00e9rer<\/a><\/div>\n<\/div>\n<\/div>\n<\/div>\n\n\n\n<p><\/p>\n","protected":false},"excerpt":{"rendered":"<p>la rel\u00e2che est un espace \u00e0 soi, une suspension du temps pour se lib\u00e9rer de ce qui nous abime, \u00e9veiller ce qui nous anime la rel\u00e2che op\u00e8re \u00e0 travers la science du yoga, de la respiration et de la m\u00e9ditation, les constellations syst\u00e9miques et la reliance la rel\u00e2che ouvre des rendez-vous collectifs et individuels, r\u00e9guliers<a class=\"more-link\" href=\"https:\/\/la-relache.com\/index.php\/a-propos\/\">en lire plus \u27f6<\/a><\/p>\n","protected":false},"author":2,"featured_media":0,"parent":0,"menu_order":0,"comment_status":"closed","ping_status":"closed","template":"","meta":{"_editorskit_title_hidden":false,"_editorskit_reading_time":2,"spay_email":""},"jetpack_sharing_enabled":false,"_links":{"self":[{"href":"https:\/\/la-relache.com\/index.php\/wp-json\/wp\/v2\/pages\/220"}],"collection":[{"href":"https:\/\/la-relache.com\/index.php\/wp-json\/wp\/v2\/pages"}],"about":[{"href":"https:\/\/la-relache.com\/index.php\/wp-json\/wp\/v2\/types\/page"}],"author":[{"embeddable":true,"href":"https:\/\/la-relache.com\/index.php\/wp-json\/wp\/v2\/users\/2"}],"replies":[{"embeddable":true,"href":"https:\/\/la-relache.com\/index.php\/wp-json\/wp\/v2\/comments?post=220"}],"version-history":[{"count":56,"href":"https:\/\/la-relache.com\/index.php\/wp-json\/wp\/v2\/pages\/220\/revisions"}],"predecessor-version":[{"id":931,"href":"https:\/\/la-relache.com\/index.php\/wp-json\/wp\/v2\/pages\/220\/revisions\/931"}],"wp:attachment":[{"href":"https:\/\/la-relache.com\/index.php\/wp-json\/wp\/v2\/media?parent=220"}],"curies":[{"name":"wp","href":"https:\/\/api.w.org\/{rel}","templated":true}]}}